{"id":422,"date":"2024-01-09T10:01:47","date_gmt":"2024-01-09T09:01:47","guid":{"rendered":"https:\/\/weberestates.com\/?page_id=422"},"modified":"2025-09-24T08:52:14","modified_gmt":"2025-09-24T06:52:14","slug":"persondatapolitik","status":"publish","type":"page","link":"https:\/\/weberestates.com\/en\/persondatapolitik\/","title":{"rendered":"Privacy Policy"},"content":{"rendered":"<div data-elementor-type=\"wp-page\" data-elementor-id=\"422\" class=\"elementor elementor-422\" data-elementor-post-type=\"page\">\n\t\t\t\t<div class=\"elementor-element elementor-element-2daf32f e-flex e-con-boxed elementor-invisible e-con e-parent\" data-id=\"2daf32f\" data-element_type=\"container\" data-e-type=\"container\" data-settings=\"{&quot;animation&quot;:&quot;fadeIn&quot;}\">\n\t\t\t\t\t<div class=\"e-con-inner\">\n\t\t\t\t<div class=\"elementor-element elementor-element-e09ef26 elementor-widget__width-inherit elementor-widget elementor-widget-heading\" data-id=\"e09ef26\" data-element_type=\"widget\" data-e-type=\"widget\" data-widget_type=\"heading.default\">\n\t\t\t\t<div class=\"elementor-widget-container\">\n\t\t\t\t\t<span class=\"elementor-heading-title elementor-size-default\">WEBER ESTATES<\/span>\t\t\t\t<\/div>\n\t\t\t\t<\/div>\n\t\t\t\t<div class=\"elementor-element elementor-element-fa70566 elementor-widget__width-inherit elementor-widget elementor-widget-heading\" data-id=\"fa70566\" data-element_type=\"widget\" data-e-type=\"widget\" data-widget_type=\"heading.default\">\n\t\t\t\t<div class=\"elementor-widget-container\">\n\t\t\t\t\t<h1 class=\"elementor-heading-title elementor-size-default\">POL\u00cdTICA DE PRIVACIDAD<\/h1>\t\t\t\t<\/div>\n\t\t\t\t<\/div>\n\t\t\t\t<div class=\"elementor-element elementor-element-fc1caa1 metrisch elementor-widget elementor-widget-text-editor\" data-id=\"fc1caa1\" data-element_type=\"widget\" data-e-type=\"widget\" data-widget_type=\"text-editor.default\">\n\t\t\t\t<div class=\"elementor-widget-container\">\n\t\t\t\t\t\t\t\t\t<p>En cumplimiento de lo dispuesto en el Reglamento General de Protecci\u00f3n de Datos 2016\/679 (RGPD) y la Ley Org\u00e1nica 3\/2018 de Protecci\u00f3n de Datos y Garant\u00eda de los Derechos Digitales (LOPDGDD) de 5 diciembre de 2018, informamos: <\/p>\t\t\t\t\t\t\t\t<\/div>\n\t\t\t\t<\/div>\n\t\t\t\t<div class=\"elementor-element elementor-element-56234a9 elementor-widget__width-inherit elementor-widget elementor-widget-heading\" data-id=\"56234a9\" data-element_type=\"widget\" data-e-type=\"widget\" data-widget_type=\"heading.default\">\n\t\t\t\t<div class=\"elementor-widget-container\">\n\t\t\t\t\t<h3 class=\"elementor-heading-title elementor-size-default\">1. RESPONSABLE DEL TRATAMIENTO <\/h3>\t\t\t\t<\/div>\n\t\t\t\t<\/div>\n\t\t\t\t<div class=\"elementor-element elementor-element-c5fdc2d metrisch elementor-widget elementor-widget-text-editor\" data-id=\"c5fdc2d\" data-element_type=\"widget\" data-e-type=\"widget\" data-widget_type=\"text-editor.default\">\n\t\t\t\t<div class=\"elementor-widget-container\">\n\t\t\t\t\t\t\t\t\t<p><strong>Identidad<\/strong><strong>:<\/strong> Birgitte Weber Blichercon con NIE Y5421452K en adelante \u201cel Titular\u201d<\/p><p><strong>Direcci\u00f3n:<\/strong> Apartment 7801 Higueron West, Avenida 8 de Marzo N\u00ba 4; 29640; FUENGIROLA- M\u00c1LAGA<\/p><p><strong>Tel\u00e9fono: <\/strong>683 391512<\/p><p><strong>Email de contacto<\/strong>:\u00a0<a href=\"mailto:Birgitte@weberestates.com\">Birgitte@weberestates.com<\/a><\/p>\t\t\t\t\t\t\t\t<\/div>\n\t\t\t\t<\/div>\n\t\t\t\t<div class=\"elementor-element elementor-element-09dff73 elementor-widget__width-inherit elementor-widget elementor-widget-heading\" data-id=\"09dff73\" data-element_type=\"widget\" data-e-type=\"widget\" data-widget_type=\"heading.default\">\n\t\t\t\t<div class=\"elementor-widget-container\">\n\t\t\t\t\t<h3 class=\"elementor-heading-title elementor-size-default\">2. FINALIDAD DEL TRATAMIENTO DE LOS DATOS..<\/h3>\t\t\t\t<\/div>\n\t\t\t\t<\/div>\n\t\t\t\t<div class=\"elementor-element elementor-element-99146ea metrisch elementor-widget elementor-widget-text-editor\" data-id=\"99146ea\" data-element_type=\"widget\" data-e-type=\"widget\" data-widget_type=\"text-editor.default\">\n\t\t\t\t<div class=\"elementor-widget-container\">\n\t\t\t\t\t\t\t\t\t<p>Le informamos que los datos que nos facilite se tratan con la finalidad de atender y responder las solicitudes de contacto, peticiones de informaci\u00f3n y\/o consultas recibidas a trav\u00e9s de las v\u00edas de contacto disponibles en la web, gestionar la suscripci\u00f3n a nuestra Newsletter para el env\u00edo de boletines peri\u00f3dicos con novedades de la empresa, acerca de sus servicios y otra informaci\u00f3n que sea de su inter\u00e9s, as\u00ed como facilitar, agilizar y cumplir los compromisos establecidos entre Titular y el usuario y el mantenimiento de la relaci\u00f3n que se establezca.<\/p><p>Asimismo, de conformidad con lo previsto en el RGPD se mantiene un registro de actividades de tratamiento que especifica, seg\u00fan sus finalidades, las actividades de tratamiento llevadas a cabo y las dem\u00e1s circunstancias establecidas en el RGPD.<\/p><p>La informaci\u00f3n personal no podr\u00e1 ser utilizada para otros fines que los relacionados con los servicios contratados o productos adquiridos. No se tomar\u00e1n decisiones automatizadas en base a dicho perfil. <\/p>\t\t\t\t\t\t\t\t<\/div>\n\t\t\t\t<\/div>\n\t\t\t\t<div class=\"elementor-element elementor-element-d3aba08 elementor-widget__width-inherit elementor-widget elementor-widget-heading\" data-id=\"d3aba08\" data-element_type=\"widget\" data-e-type=\"widget\" data-widget_type=\"heading.default\">\n\t\t\t\t<div class=\"elementor-widget-container\">\n\t\t\t\t\t<h3 class=\"elementor-heading-title elementor-size-default\"><a href=\"https:\/\/weberestates.com\/wp-content\/uploads\/2024\/11\/F5839_Autorizacion_tratamiento-Form-to-be-linked-in-Website.docx\">3. LEGITIMACI\u00d3N PARA EL TRATAMIENTO DE DATOS<\/a><\/h3>\t\t\t\t<\/div>\n\t\t\t\t<\/div>\n\t\t\t\t<div class=\"elementor-element elementor-element-15c742b metrisch elementor-widget elementor-widget-text-editor\" data-id=\"15c742b\" data-element_type=\"widget\" data-e-type=\"widget\" data-widget_type=\"text-editor.default\">\n\t\t\t\t<div class=\"elementor-widget-container\">\n\t\t\t\t\t\t\t\t\t<p>La legitimaci\u00f3n para el tratamiento de sus datos se basa en:<\/p><ul><li>El Usuario ha aportado sus datos personales en el marco de una relaci\u00f3n contractual o precontractual para la atenci\u00f3n de su solicitud y\/o consulta y por tanto su tratamiento es necesario para el mantenimiento de dicha relaci\u00f3n.<\/li><li>Las obligaciones legales aplicables Titular que requieren del tratamiento de los datos personales de acuerdo con los servicios prestados o aquellas relacionadas con cuestiones tributarias. <\/li><\/ul>\t\t\t\t\t\t\t\t<\/div>\n\t\t\t\t<\/div>\n\t\t\t\t<div class=\"elementor-element elementor-element-593fb33 elementor-widget__width-inherit elementor-widget elementor-widget-heading\" data-id=\"593fb33\" data-element_type=\"widget\" data-e-type=\"widget\" data-widget_type=\"heading.default\">\n\t\t\t\t<div class=\"elementor-widget-container\">\n\t\t\t\t\t<h3 class=\"elementor-heading-title elementor-size-default\">4. DATOS PERSONALES QUE SE TRATAN Y PROCEDENCIA<\/h3>\t\t\t\t<\/div>\n\t\t\t\t<\/div>\n\t\t\t\t<div class=\"elementor-element elementor-element-223cc0d metrisch elementor-widget elementor-widget-text-editor\" data-id=\"223cc0d\" data-element_type=\"widget\" data-e-type=\"widget\" data-widget_type=\"text-editor.default\">\n\t\t\t\t<div class=\"elementor-widget-container\">\n\t\t\t\t\t\t\t\t\t<p>Los datos personales que tratamos son de car\u00e1cter identificativo y han sido facilitados por el propio Usuario mediante, la cumplimentaci\u00f3n del formulario de contacto, el env\u00edo de correos electr\u00f3nicos o uso de las funcionalidades ofrecidas en el sitio web.<\/p><p>El uso de los apartados de contacto, cumplimentaci\u00f3n de formularios y\/o funcionalidades ofrecidas en el Portal es voluntario. No obstante, la cumplimentaci\u00f3n de determinados campos del formulario o su facilitaci\u00f3n mediante el uso de otras funcionalidades resultan necesarios para atender y gestionar correctamente su solicitud, por lo que la negativa del Usuario a facilitar la informaci\u00f3n requerida impedir\u00e1 a Titular atenderla y gestionarla correctamente.<\/p><p>El Usuario garantiza que los datos que nos facilita son veraces, exactos y completos. Se cancelar\u00e1n, borrar\u00e1n o bloquear\u00e1n los datos cuando resulten inexactos, incompletos o hayan dejado de ser necesarios o pertinentes para su finalidad conforme a la legislaci\u00f3n vigente. Si los datos personales aportados son de un tercero, el Usuario garantiza que le ha informado de la Pol\u00edtica de Privacidad y ha obtenido su autorizaci\u00f3n para facilitar sus datos con las finalidades antes se\u00f1aladas. Igualmente garantiza que los datos aportados son exactos y actualizados, siendo responsable de cualquier da\u00f1o o perjuicio, directo o indirecto, que pudiera ocasionarse como consecuencia del incumplimiento de tal obligaci\u00f3n. El Usuario se compromete y responsabiliza de la veracidad y correcci\u00f3n de los datos que nos facilita, comprometi\u00e9ndose a mantenerlos debidamente actualizados. <\/p>\t\t\t\t\t\t\t\t<\/div>\n\t\t\t\t<\/div>\n\t\t\t\t<div class=\"elementor-element elementor-element-823fe9f elementor-widget__width-inherit elementor-widget elementor-widget-heading\" data-id=\"823fe9f\" data-element_type=\"widget\" data-e-type=\"widget\" data-widget_type=\"heading.default\">\n\t\t\t\t<div class=\"elementor-widget-container\">\n\t\t\t\t\t<h3 class=\"elementor-heading-title elementor-size-default\">5. POL\u00cdTICA DE ENLACES<\/h3>\t\t\t\t<\/div>\n\t\t\t\t<\/div>\n\t\t\t\t<div class=\"elementor-element elementor-element-37c4772 metrisch elementor-widget elementor-widget-text-editor\" data-id=\"37c4772\" data-element_type=\"widget\" data-e-type=\"widget\" data-widget_type=\"text-editor.default\">\n\t\t\t\t<div class=\"elementor-widget-container\">\n\t\t\t\t\t\t\t\t\t<p>El sitio web puede incluir enlaces o links a sitios de terceros como redes sociales en los que Titular est\u00e1 presente. Las antedichas webs de terceros no han sido revisadas ni son objeto de controles sobre los mismos por la propia web ni su titular. El Titular no podr\u00e1 ser considerado en ning\u00fan caso responsable de los contenidos de estos sitios Web ni de las medidas que se adopten relativas a su privacidad o al tratamiento de sus datos de car\u00e1cter personal. Se recomienda la lectura detenida de las condiciones de uso y la pol\u00edtica de privacidad de estos sitios. En caso de estar interesado en activar un enlace a la presente p\u00e1gina deber\u00e1 comunicarlo a Titular obteniendo el consentimiento expreso para crear el enlace. Titular se reserva el derecho de oposici\u00f3n a la activaci\u00f3n de enlaces con su sitio Web. <\/p>\t\t\t\t\t\t\t\t<\/div>\n\t\t\t\t<\/div>\n\t\t\t\t<div class=\"elementor-element elementor-element-b1e3a80 elementor-widget__width-inherit elementor-widget elementor-widget-heading\" data-id=\"b1e3a80\" data-element_type=\"widget\" data-e-type=\"widget\" data-widget_type=\"heading.default\">\n\t\t\t\t<div class=\"elementor-widget-container\">\n\t\t\t\t\t<h3 class=\"elementor-heading-title elementor-size-default\">6. PLAZOS DE CONSERVACI\u00d3N DE LOS DATOS PERSONALES.<\/h3>\t\t\t\t<\/div>\n\t\t\t\t<\/div>\n\t\t\t\t<div class=\"elementor-element elementor-element-09e88d1 metrisch elementor-widget elementor-widget-text-editor\" data-id=\"09e88d1\" data-element_type=\"widget\" data-e-type=\"widget\" data-widget_type=\"text-editor.default\">\n\t\t\t\t<div class=\"elementor-widget-container\">\n\t\t\t\t\t\t\t\t\t<p>Los datos personales proporcionados por el Usuario se conservar\u00e1n mientras permanezca dado de alta en el servicio, mientras se mantenga la relaci\u00f3n negocial, mientras el Usuario no solicite su supresi\u00f3n, o durante el plazo legal establecido. As\u00ed mismo podr\u00e1n conservarse cuando sean necesarios para el cumplimiento de una obligaci\u00f3n legal o para la formulaci\u00f3n, el ejercicio y la defensa de reclamaciones. <\/p><p>Si el Usuario retira su consentimiento o ejercita los derechos de oposici\u00f3n o supresi\u00f3n, sus datos se conservar\u00e1n bloqueados a disposici\u00f3n de la Administraci\u00f3n de Justicia durante los plazos establecidos legalmente para atender a las posibles responsabilidades nacidas del tratamiento de los datos personales. En ning\u00fan caso condicionar\u00e1 la prestaci\u00f3n del servicio, y\/o la ejecuci\u00f3n de contratos con el Titular.<\/p>\t\t\t\t\t\t\t\t<\/div>\n\t\t\t\t<\/div>\n\t\t\t\t<div class=\"elementor-element elementor-element-7dedd18 elementor-widget__width-inherit elementor-widget elementor-widget-heading\" data-id=\"7dedd18\" data-element_type=\"widget\" data-e-type=\"widget\" data-widget_type=\"heading.default\">\n\t\t\t\t<div class=\"elementor-widget-container\">\n\t\t\t\t\t<h3 class=\"elementor-heading-title elementor-size-default\">7. SECRETO Y SEGURIDAD DE LOS DATOS PERSONALES<\/h3>\t\t\t\t<\/div>\n\t\t\t\t<\/div>\n\t\t\t\t<div class=\"elementor-element elementor-element-d505c74 metrisch elementor-widget elementor-widget-text-editor\" data-id=\"d505c74\" data-element_type=\"widget\" data-e-type=\"widget\" data-widget_type=\"text-editor.default\">\n\t\t\t\t<div class=\"elementor-widget-container\">\n\t\t\t\t\t\t\t\t\t<p>Titular se compromete a adoptar las medidas t\u00e9cnicas y organizativas necesarias, seg\u00fan el nivel de seguridad adecuado al riesgo de los datos recogidos, de forma que se garantice la seguridad de los datos de car\u00e1cter personal y se evite la destrucci\u00f3n, p\u00e9rdida o alteraci\u00f3n accidental o il\u00edcita de datos personales transmitidos, conservados o tratados de otra forma, o la comunicaci\u00f3n o acceso no autorizados a dichos datos.<\/p><p>Los datos personales ser\u00e1n tratados como confidenciales por el Titular, quien se compromete a informar y a garantizar por medio de una obligaci\u00f3n legal o contractual que dicha confidencialidad sea respetada por sus empleados, asociados, y toda persona a la cual le haga accesible la informaci\u00f3n. <\/p>\t\t\t\t\t\t\t\t<\/div>\n\t\t\t\t<\/div>\n\t\t\t\t<div class=\"elementor-element elementor-element-418c97e elementor-widget__width-inherit elementor-widget elementor-widget-heading\" data-id=\"418c97e\" data-element_type=\"widget\" data-e-type=\"widget\" data-widget_type=\"heading.default\">\n\t\t\t\t<div class=\"elementor-widget-container\">\n\t\t\t\t\t<h3 class=\"elementor-heading-title elementor-size-default\">8. CESIONES Y DESTINATARIOS DE LOS DATOS PERSONALES.<\/h3>\t\t\t\t<\/div>\n\t\t\t\t<\/div>\n\t\t\t\t<div class=\"elementor-element elementor-element-cf49789 metrisch elementor-widget elementor-widget-text-editor\" data-id=\"cf49789\" data-element_type=\"widget\" data-e-type=\"widget\" data-widget_type=\"text-editor.default\">\n\t\t\t\t<div class=\"elementor-widget-container\">\n\t\t\t\t\t\t\t\t\t<p>Sus datos personales ser\u00e1n comunicados en los casos legalmente previstos, por ejemplo, a Administraciones P\u00fablicas para el cumplimiento de obligaciones directamente exigibles al Titular o cuando resulte necesario para cumplir con las finalidades del tratamiento indicadas anteriormente o para prestar servicios estrictamente necesarios para el desarrollo de la actividad. <\/p>\t\t\t\t\t\t\t\t<\/div>\n\t\t\t\t<\/div>\n\t\t\t\t<div class=\"elementor-element elementor-element-515d1e4 elementor-widget__width-inherit elementor-widget elementor-widget-heading\" data-id=\"515d1e4\" data-element_type=\"widget\" data-e-type=\"widget\" data-widget_type=\"heading.default\">\n\t\t\t\t<div class=\"elementor-widget-container\">\n\t\t\t\t\t<h3 class=\"elementor-heading-title elementor-size-default\">9. DERECHOS DE LOS USUARIOS.<\/h3>\t\t\t\t<\/div>\n\t\t\t\t<\/div>\n\t\t\t\t<div class=\"elementor-element elementor-element-48b0f3a metrisch elementor-widget elementor-widget-text-editor\" data-id=\"48b0f3a\" data-element_type=\"widget\" data-e-type=\"widget\" data-widget_type=\"text-editor.default\">\n\t\t\t\t<div class=\"elementor-widget-container\">\n\t\t\t\t\t\t\t\t\t<p>\u00bfCu\u00e1les son sus derechos cuando nos facilita sus datos?<\/p><p>El Usuario tiene derecho a obtener confirmaci\u00f3n sobre si estamos tratando datos personales que les conciernan, o no. El Usuario tiene derecho a <strong>acceder<\/strong> a sus datos personales, as\u00ed como a solicitar la <strong>rectificaci\u00f3n<\/strong> de los datos inexactos o, en su caso, solicitar su <strong>supresi\u00f3n<\/strong> cuando, entre otros motivos, los datos ya no sean necesarios para los fines que fueron recogidos. En determinadas circunstancias, el Usuario podr\u00e1 solicitar la <strong>limitaci\u00f3n<\/strong> del tratamiento de sus datos, en cuyo caso \u00fanicamente los conservaremos para el ejercicio o la defensa de reclamaciones. En determinadas circunstancias y por motivos relacionados con su situaci\u00f3n particular, el Usuario podr\u00e1 <strong>oponerse<\/strong> al tratamiento de sus datos, por lo que el responsable del tratamiento dejar\u00e1 de tratar los datos, salvo por motivos leg\u00edtimos imperiosos, o el ejercicio o la defensa de posibles reclamaciones. En aquellos supuestos en los que legalmente proceda, tendr\u00e1 el derecho a la <strong>portabilidad<\/strong> de los datos, lo que implica que tiene derecho a recibir los datos personales relativos a su persona que estemos tratando y almacenarlos en un dispositivo propio.<\/p><p>Puede ejercitar ante el Titular en caso de que resulten de aplicaci\u00f3n, los derechos de acceso, rectificaci\u00f3n, oposici\u00f3n, supresi\u00f3n, limitaci\u00f3n del tratamiento, portabilidad y a oponerse a ser objeto de decisiones individuales automatizadas mediante comunicaci\u00f3n escrita acompa\u00f1ada de fotocopia del D.N.I. para acreditar su identidad, con la referencia \u201cDerechos RGPD\u201d dirigida a la direcci\u00f3n Apartment 7801 Higueron West, Avenida 8 de Marzo N\u00ba 4; 29640; FUENGIROLA- M\u00c1LAGA o a la direcci\u00f3n de correo electr\u00f3nico: <a href=\"mailto:Birgitte@weberestates.com\">Birgitte@weberestates.com<\/a><\/p><p>Igualmente, le informamos que puede dirigir cualquier tipo de reclamaci\u00f3n en materia de protecci\u00f3n de datos personales a la Agencia Espa\u00f1ola de Protecci\u00f3n de Datos <a href=\"http:\/\/www.agpd.es\" target=\"_blank\" rel=\"noopener\">www.agpd.es<\/a>, Autoridad de Control de Espa\u00f1a. <\/p>\t\t\t\t\t\t\t\t<\/div>\n\t\t\t\t<\/div>\n\t\t\t\t\t<\/div>\n\t\t\t\t<\/div>\n\t\t\t\t<\/div>","protected":false},"excerpt":{"rendered":"<p>WEBER ESTATES POL\u00cdTICA DE PRIVACIDAD En cumplimiento de lo dispuesto en el Reglamento General de Protecci\u00f3n de Datos 2016\/679 (RGPD) y la Ley Org\u00e1nica 3\/2018 de Protecci\u00f3n de Datos y Garant\u00eda de los Derechos Digitales (LOPDGDD) de 5 diciembre de 2018, informamos: 1. RESPONSABLE DEL TRATAMIENTO Identidad: Birgitte Weber Blichercon con NIE Y5421452K en adelante [&hellip;]<\/p>\n","protected":false},"author":2,"featured_media":0,"parent":0,"menu_order":8,"comment_status":"closed","ping_status":"closed","template":"","meta":{"_acf_changed":false,"content-type":"","footnotes":""},"class_list":["post-422","page","type-page","status-publish","hentry"],"acf":[],"_links":{"self":[{"href":"https:\/\/weberestates.com\/en\/wp-json\/wp\/v2\/pages\/422","targetHints":{"allow":["GET"]}}],"collection":[{"href":"https:\/\/weberestates.com\/en\/wp-json\/wp\/v2\/pages"}],"about":[{"href":"https:\/\/weberestates.com\/en\/wp-json\/wp\/v2\/types\/page"}],"author":[{"embeddable":true,"href":"https:\/\/weberestates.com\/en\/wp-json\/wp\/v2\/users\/2"}],"replies":[{"embeddable":true,"href":"https:\/\/weberestates.com\/en\/wp-json\/wp\/v2\/comments?post=422"}],"version-history":[{"count":18,"href":"https:\/\/weberestates.com\/en\/wp-json\/wp\/v2\/pages\/422\/revisions"}],"predecessor-version":[{"id":2841,"href":"https:\/\/weberestates.com\/en\/wp-json\/wp\/v2\/pages\/422\/revisions\/2841"}],"wp:attachment":[{"href":"https:\/\/weberestates.com\/en\/wp-json\/wp\/v2\/media?parent=422"}],"curies":[{"name":"wp","href":"https:\/\/api.w.org\/{rel}","templated":true}]}}